{"id":95,"date":"2023-11-21T16:15:13","date_gmt":"2023-11-21T14:15:13","guid":{"rendered":"http:\/\/localhost\/wordpress\/?page_id=95"},"modified":"2025-10-05T20:32:25","modified_gmt":"2025-10-05T18:32:25","slug":"agenda","status":"publish","type":"page","link":"https:\/\/eulabad.net\/wpaxc\/index.php\/inici-art-per-creixer\/agenda\/","title":{"rendered":"Agenda"},"content":{"rendered":"\n<div class=\"wp-block-group has-global-padding is-layout-constrained wp-block-group-is-layout-constrained\">\n<p class=\"has-contrast-color has-text-color has-link-color has-large-font-size wp-elements-197e8c074feda637e06699e80893fa24\"><strong>Any 2025<\/strong><\/p>\n<\/div>\n\n\n\n<p class=\"has-text-color has-link-color has-large-font-size wp-elements-f960ce5fb357ca424e5f3b252915a238\" style=\"color:#036a60\"><\/p>\n\n\n\n<div class=\"wp-block-cover is-light\" style=\"padding-top:var(--wp--preset--spacing--60);padding-right:var(--wp--preset--spacing--60);padding-bottom:var(--wp--preset--spacing--60);padding-left:var(--wp--preset--spacing--60);min-height:692px\"><span aria-hidden=\"true\" class=\"wp-block-cover__background has-background-dim-10 has-background-dim\"><\/span><img loading=\"lazy\" decoding=\"async\" width=\"940\" height=\"1185\" class=\"wp-block-cover__image-background wp-image-237\" alt=\"Eul\u00e0lia\" src=\"https:\/\/eulabad.net\/wpaxc\/wp-content\/uploads\/2025\/01\/Eulalia20250130.jpg\" style=\"object-position:50% 5%\" data-object-fit=\"cover\" data-object-position=\"50% 5%\" srcset=\"https:\/\/eulabad.net\/wpaxc\/wp-content\/uploads\/2025\/01\/Eulalia20250130.jpg 940w, https:\/\/eulabad.net\/wpaxc\/wp-content\/uploads\/2025\/01\/Eulalia20250130-238x300.jpg 238w, https:\/\/eulabad.net\/wpaxc\/wp-content\/uploads\/2025\/01\/Eulalia20250130-812x1024.jpg 812w, https:\/\/eulabad.net\/wpaxc\/wp-content\/uploads\/2025\/01\/Eulalia20250130-768x968.jpg 768w\" sizes=\"(max-width: 940px) 100vw, 940px\" \/><div class=\"wp-block-cover__inner-container is-layout-flow wp-block-cover-is-layout-flow\">\n<p class=\"has-text-align-center has-text-color has-link-color has-large-font-size wp-elements-63b9e8472f5d47881f075f3a6466cea9\" style=\"color:#fafafa\"><\/p>\n<\/div><\/div>\n\n\n\n<p class=\"has-system-sans-serif-font-family\" style=\"font-size:clamp(0.875rem, 0.875rem + ((1vw - 0.2rem) * 0.708), 1.3rem);\">Amigues i amics<\/p>\n\n\n\n<p class=\"has-system-sans-serif-font-family\" style=\"font-size:clamp(0.875rem, 0.875rem + ((1vw - 0.2rem) * 0.708), 1.3rem);\">Ha comen\u00e7at l\u2019any amb molt bones noticies per <strong>M\u00fasica per Cr\u00e9ixer<\/strong>, que continua caminant amb alegria!!<\/p>\n\n\n\n<p><\/p>\n\n\n\n<div class=\"wp-block-media-text is-stacked-on-mobile\" style=\"grid-template-columns:20% auto\"><figure class=\"wp-block-media-text__media\"><img loading=\"lazy\" decoding=\"async\" width=\"140\" height=\"143\" src=\"https:\/\/eulabad.net\/wpaxc\/wp-content\/uploads\/2023\/11\/MetodeMxC10.gif\" alt=\"\" class=\"wp-image-167 size-full\"\/><\/figure><div class=\"wp-block-media-text__content\">\n<p class=\"has-text-align-center has-text-color has-link-color has-large-font-size wp-elements-9be7085c40305d29e901fe74d92eaa37\" style=\"color:#65a67a\">Seminaris ONLINE 2025<br><strong><em>M\u00fasica per Cr\u00e9ixer<\/em><\/strong><\/p>\n<\/div><\/div>\n\n\n\n<p><\/p>\n\n\n\n<p class=\"has-system-sans-serif-font-family\" style=\"font-size:clamp(0.875rem, 0.875rem + ((1vw - 0.2rem) * 0.708), 1.3rem);\">Comencem l\u2019any amb 4 propostes de seminaris online:<br><\/p>\n\n\n\n<p class=\"has-system-sans-serif-font-family\" style=\"padding-right:var(--wp--preset--spacing--30);padding-left:var(--wp--preset--spacing--30);font-size:clamp(0.875rem, 0.875rem + ((1vw - 0.2rem) * 0.708), 1.3rem);\">18 de Febrer (Presentaci\u00f3)  | 13 de Mar\u00e7 (Cloenda)<br><strong>&#8211;<\/strong> <strong>La Relaxaci\u00f3<br>&#8211; La Organitzaci\u00f3 de les sessions per nens de 2 a 5 anys <\/strong><\/p>\n\n\n\n<p class=\"has-system-sans-serif-font-family\" style=\"font-size:clamp(0.875rem, 0.875rem + ((1vw - 0.2rem) * 0.708), 1.3rem);\"><\/p>\n\n\n\n<p class=\"has-system-sans-serif-font-family\" style=\"padding-right:0;padding-left:0;font-size:clamp(0.875rem, 0.875rem + ((1vw - 0.2rem) * 0.708), 1.3rem);\">8 d&#8217;Abril (Presentaci\u00f3)  |  8 de Maig (Cloenda)<strong><br>&#8211; El jazz pels m\u00e9s petits<br>&#8211; L\u2019organitzaci\u00f3 de les sessions&nbsp; pels nens de 0 a 2 anys, i m\u00fasica en fam\u00edlia<\/strong><\/p>\n\n\n\n<p class=\"has-system-sans-serif-font-family\" style=\"font-size:clamp(0.875rem, 0.875rem + ((1vw - 0.2rem) * 0.708), 1.3rem);\">Totes amb molt material, idees, propostes, I molta m\u00e0gia !!<\/p>\n\n\n\n<p class=\"has-system-sans-serif-font-family\" style=\"font-size:clamp(0.875rem, 0.875rem + ((1vw - 0.2rem) * 0.708), 1.3rem);\">Si voleu m\u00e9s informaci\u00f3 aqu\u00ed us deixo un link del Musical de Bellaterra:<\/p>\n\n\n\n<p class=\"has-text-align-center has-text-color has-link-color has-system-sans-serif-font-family wp-elements-eb0b9cbb48166d408105f422f9dd532e\" style=\"color:#46b2be;font-size:clamp(0.875rem, 0.875rem + ((1vw - 0.2rem) * 0.708), 1.3rem);\"><a href=\"https:\/\/secure.smore.com\/n\/krvy6-m-sica-per-cr-ixer\" target=\"_blank\" rel=\"noreferrer noopener\"><strong>M\u00fasica per Cr\u00e9ixer a Bellatera<\/strong><\/a><\/p>\n\n\n\n<p class=\"has-text-color has-link-color has-large-font-size wp-elements-8a023a3bc1f8fa1deb6f57e1129fac26\" style=\"color:#3f957e\"><br><br><strong>Nou curs 2025-2026 a Bellaterra<\/strong><\/p>\n\n\n\n<p><strong>Jornades M\u00fasica i Inf\u00e0ncia (27\/09\/2025)<\/strong><\/p>\n\n\n\n<p>Comencem el nou curs amb unes jornades creatives, engrescadores i de valors !!<\/p>\n\n\n\n<figure class=\"wp-block-image size-large\"><img loading=\"lazy\" decoding=\"async\" width=\"1024\" height=\"674\" src=\"https:\/\/eulabad.net\/wpaxc\/wp-content\/uploads\/2025\/10\/Foto02_Jormades2025-1-1024x674.jpg\" alt=\"\" class=\"wp-image-258\" srcset=\"https:\/\/eulabad.net\/wpaxc\/wp-content\/uploads\/2025\/10\/Foto02_Jormades2025-1-1024x674.jpg 1024w, https:\/\/eulabad.net\/wpaxc\/wp-content\/uploads\/2025\/10\/Foto02_Jormades2025-1-300x197.jpg 300w, https:\/\/eulabad.net\/wpaxc\/wp-content\/uploads\/2025\/10\/Foto02_Jormades2025-1-768x505.jpg 768w, https:\/\/eulabad.net\/wpaxc\/wp-content\/uploads\/2025\/10\/Foto02_Jormades2025-1-1536x1010.jpg 1536w, https:\/\/eulabad.net\/wpaxc\/wp-content\/uploads\/2025\/10\/Foto02_Jormades2025-1.jpg 2048w\" sizes=\"(max-width: 1024px) 100vw, 1024px\" \/><\/figure>\n\n\n\n<p>Gr\u00e0cies a Isabel Corbella per la seva col\u00b7laboraci\u00f3! I a tots els que heu participat a les jornades!<\/p>\n\n\n\n<p>Properament tindreu informaci\u00f3 dels seminaris del any 2026.<\/p>\n\n\n\n<p>Gr\u00e0cies<\/p>\n\n\n\n<p>Fins aviat!<\/p>\n\n\n\n<p class=\"has-text-align-center has-text-color has-link-color wp-elements-ee9b0fd296d475527d72acec6a02c7c9\" style=\"color:#9b2d0c\"><\/p>\n\n\n\n<p><\/p>\n\n\n\n<p><\/p>\n\n\n\n<p><\/p>\n\n\n\n<p><\/p>\n\n\n\n<p><br><\/p>\n\n\n\n\n\n<p><\/p>\n","protected":false},"excerpt":{"rendered":"<p>Any 2025 Amigues i amics Ha comen\u00e7at l\u2019any amb molt bones noticies per M\u00fasica per Cr\u00e9ixer, que continua caminant amb alegria!! Seminaris ONLINE 2025M\u00fasica per Cr\u00e9ixer Comencem l\u2019any amb 4 propostes de seminaris online: 18 de Febrer (Presentaci\u00f3) | 13 de Mar\u00e7 (Cloenda)&#8211; La Relaxaci\u00f3&#8211; La Organitzaci\u00f3 de les sessions per nens de 2 a [&hellip;]<\/p>\n","protected":false},"author":1,"featured_media":98,"parent":64,"menu_order":0,"comment_status":"closed","ping_status":"closed","template":"","meta":{"footnotes":""},"_links":{"self":[{"href":"https:\/\/eulabad.net\/wpaxc\/index.php\/wp-json\/wp\/v2\/pages\/95"}],"collection":[{"href":"https:\/\/eulabad.net\/wpaxc\/index.php\/wp-json\/wp\/v2\/pages"}],"about":[{"href":"https:\/\/eulabad.net\/wpaxc\/index.php\/wp-json\/wp\/v2\/types\/page"}],"author":[{"embeddable":true,"href":"https:\/\/eulabad.net\/wpaxc\/index.php\/wp-json\/wp\/v2\/users\/1"}],"replies":[{"embeddable":true,"href":"https:\/\/eulabad.net\/wpaxc\/index.php\/wp-json\/wp\/v2\/comments?post=95"}],"version-history":[{"count":21,"href":"https:\/\/eulabad.net\/wpaxc\/index.php\/wp-json\/wp\/v2\/pages\/95\/revisions"}],"predecessor-version":[{"id":259,"href":"https:\/\/eulabad.net\/wpaxc\/index.php\/wp-json\/wp\/v2\/pages\/95\/revisions\/259"}],"up":[{"embeddable":true,"href":"https:\/\/eulabad.net\/wpaxc\/index.php\/wp-json\/wp\/v2\/pages\/64"}],"wp:featuredmedia":[{"embeddable":true,"href":"https:\/\/eulabad.net\/wpaxc\/index.php\/wp-json\/"}],"wp:attachment":[{"href":"https:\/\/eulabad.net\/wpaxc\/index.php\/wp-json\/wp\/v2\/media?parent=95"}],"curies":[{"name":"wp","href":"https:\/\/api.w.org\/{rel}","templated":true}]}}