{"id":250,"date":"2025-10-05T20:52:08","date_gmt":"2025-10-05T18:52:08","guid":{"rendered":"https:\/\/eulabad.net\/wpaxc\/?page_id=250"},"modified":"2025-10-05T21:06:53","modified_gmt":"2025-10-05T19:06:53","slug":"darreres-activitats-2025","status":"publish","type":"page","link":"https:\/\/eulabad.net\/wpaxc\/index.php\/darreres-activitats-2025\/","title":{"rendered":"Darreres Activitats 2025"},"content":{"rendered":"\n<p class=\"has-text-color has-link-color has-large-font-size wp-elements-29700f763f4491df7bd243e3ab31c29b\" style=\"color:#62a88a\"><strong>Jornades M\u00fasica i Inf\u00e0ncia (27\/09\/2025)<\/strong><\/p>\n\n\n\n<p>Comencem el nou curs amb unes jornades creatives, engrescadores i de valors !!<\/p>\n\n\n\n<p>Aqu\u00ed us deixo unes fotos de la presentaci\u00f3 del 27 de Setembre.<\/p>\n\n\n\n<p>Gr\u00e0cies a Isabel Corbella per la seva col\u00b7laboraci\u00f3! I a tots els que heu participat a les jornades!<\/p>\n\n\n\n<figure class=\"wp-block-image size-large\"><img loading=\"lazy\" decoding=\"async\" width=\"1024\" height=\"763\" src=\"https:\/\/eulabad.net\/wpaxc\/wp-content\/uploads\/2025\/10\/IMG-20250927-WA0006-1024x763.jpg\" alt=\"\" class=\"wp-image-251\" srcset=\"https:\/\/eulabad.net\/wpaxc\/wp-content\/uploads\/2025\/10\/IMG-20250927-WA0006-1024x763.jpg 1024w, https:\/\/eulabad.net\/wpaxc\/wp-content\/uploads\/2025\/10\/IMG-20250927-WA0006-300x224.jpg 300w, https:\/\/eulabad.net\/wpaxc\/wp-content\/uploads\/2025\/10\/IMG-20250927-WA0006-768x572.jpg 768w, https:\/\/eulabad.net\/wpaxc\/wp-content\/uploads\/2025\/10\/IMG-20250927-WA0006-1536x1145.jpg 1536w, https:\/\/eulabad.net\/wpaxc\/wp-content\/uploads\/2025\/10\/IMG-20250927-WA0006.jpg 2048w\" sizes=\"(max-width: 1024px) 100vw, 1024px\" \/><\/figure>\n\n\n\n<figure class=\"wp-block-gallery has-nested-images columns-default is-cropped wp-block-gallery-1 is-layout-flex wp-block-gallery-is-layout-flex\">\n<figure class=\"wp-block-image size-large\"><img loading=\"lazy\" decoding=\"async\" width=\"768\" height=\"1024\" data-id=\"252\" src=\"https:\/\/eulabad.net\/wpaxc\/wp-content\/uploads\/2025\/10\/IMG-20250914-WA0003-768x1024.jpg\" alt=\"\" class=\"wp-image-252\" srcset=\"https:\/\/eulabad.net\/wpaxc\/wp-content\/uploads\/2025\/10\/IMG-20250914-WA0003-768x1024.jpg 768w, https:\/\/eulabad.net\/wpaxc\/wp-content\/uploads\/2025\/10\/IMG-20250914-WA0003-225x300.jpg 225w, https:\/\/eulabad.net\/wpaxc\/wp-content\/uploads\/2025\/10\/IMG-20250914-WA0003-1152x1536.jpg 1152w, https:\/\/eulabad.net\/wpaxc\/wp-content\/uploads\/2025\/10\/IMG-20250914-WA0003.jpg 1200w\" sizes=\"(max-width: 768px) 100vw, 768px\" \/><\/figure>\n\n\n\n<figure class=\"wp-block-image size-large\"><img loading=\"lazy\" decoding=\"async\" width=\"768\" height=\"1024\" data-id=\"254\" src=\"https:\/\/eulabad.net\/wpaxc\/wp-content\/uploads\/2025\/10\/Amb-Roser-Serra.IMG-20250928-WA0009-768x1024.jpg\" alt=\"\" class=\"wp-image-254\" srcset=\"https:\/\/eulabad.net\/wpaxc\/wp-content\/uploads\/2025\/10\/Amb-Roser-Serra.IMG-20250928-WA0009-768x1024.jpg 768w, https:\/\/eulabad.net\/wpaxc\/wp-content\/uploads\/2025\/10\/Amb-Roser-Serra.IMG-20250928-WA0009-225x300.jpg 225w, https:\/\/eulabad.net\/wpaxc\/wp-content\/uploads\/2025\/10\/Amb-Roser-Serra.IMG-20250928-WA0009-1152x1536.jpg 1152w, https:\/\/eulabad.net\/wpaxc\/wp-content\/uploads\/2025\/10\/Amb-Roser-Serra.IMG-20250928-WA0009.jpg 1530w\" sizes=\"(max-width: 768px) 100vw, 768px\" \/><\/figure>\n\n\n\n<figure class=\"wp-block-image size-large\"><img loading=\"lazy\" decoding=\"async\" width=\"1024\" height=\"674\" data-id=\"255\" src=\"https:\/\/eulabad.net\/wpaxc\/wp-content\/uploads\/2025\/10\/Foto02_Jormades2025-1024x674.jpg\" alt=\"\" class=\"wp-image-255\" srcset=\"https:\/\/eulabad.net\/wpaxc\/wp-content\/uploads\/2025\/10\/Foto02_Jormades2025-1024x674.jpg 1024w, https:\/\/eulabad.net\/wpaxc\/wp-content\/uploads\/2025\/10\/Foto02_Jormades2025-300x197.jpg 300w, https:\/\/eulabad.net\/wpaxc\/wp-content\/uploads\/2025\/10\/Foto02_Jormades2025-768x505.jpg 768w, https:\/\/eulabad.net\/wpaxc\/wp-content\/uploads\/2025\/10\/Foto02_Jormades2025-1536x1010.jpg 1536w, https:\/\/eulabad.net\/wpaxc\/wp-content\/uploads\/2025\/10\/Foto02_Jormades2025.jpg 2048w\" sizes=\"(max-width: 1024px) 100vw, 1024px\" \/><\/figure>\n<\/figure>\n\n\n\n<div class=\"wp-block-media-text is-stacked-on-mobile\" style=\"grid-template-columns:20% auto\"><figure class=\"wp-block-media-text__media\"><img loading=\"lazy\" decoding=\"async\" width=\"140\" height=\"143\" src=\"https:\/\/eulabad.net\/wpaxc\/wp-content\/uploads\/2023\/11\/MetodeMxC10.gif\" alt=\"\" class=\"wp-image-167 size-full\"\/><\/figure><div class=\"wp-block-media-text__content\">\n<p class=\"has-text-align-center has-text-color has-link-color has-large-font-size wp-elements-9be7085c40305d29e901fe74d92eaa37\" style=\"color:#65a67a\">Seminaris ONLINE 2025<br><strong><em>M\u00fasica per Cr\u00e9ixer<\/em><\/strong><\/p>\n<\/div><\/div>\n\n\n\n<p><\/p>\n\n\n\n<p class=\"has-system-sans-serif-font-family\" style=\"padding-right:var(--wp--preset--spacing--30);padding-left:var(--wp--preset--spacing--30);font-size:clamp(0.875rem, 0.875rem + ((1vw - 0.2rem) * 0.708), 1.3rem);\">18 de Febrer (Presentaci\u00f3)  | 13 de Mar\u00e7 (Cloenda)<br><strong>&#8211;<\/strong> <strong>La Relaxaci\u00f3<br>&#8211; La Organitzaci\u00f3 de les sessions per nens de 2 a 5 anys <\/strong><\/p>\n\n\n\n<p class=\"has-system-sans-serif-font-family\" style=\"font-size:clamp(0.875rem, 0.875rem + ((1vw - 0.2rem) * 0.708), 1.3rem);\"><\/p>\n\n\n\n<p class=\"has-system-sans-serif-font-family\" style=\"padding-right:0;padding-left:0;font-size:clamp(0.875rem, 0.875rem + ((1vw - 0.2rem) * 0.708), 1.3rem);\">8 d&#8217;Abril (Presentaci\u00f3)  |  8 de Maig (Cloenda)<strong><br>&#8211; El jazz pels m\u00e9s petits<br>&#8211; L\u2019organitzaci\u00f3 de les sessions&nbsp; pels nens de 0 a 2 anys, i m\u00fasica en fam\u00edlia<\/strong><\/p>\n\n\n\n<p class=\"has-system-sans-serif-font-family\" style=\"font-size:clamp(0.875rem, 0.875rem + ((1vw - 0.2rem) * 0.708), 1.3rem);\">Totes amb molt material, idees, propostes, I molta m\u00e0gia !!<\/p>\n\n\n\n<p class=\"has-system-sans-serif-font-family\" style=\"font-size:clamp(0.875rem, 0.875rem + ((1vw - 0.2rem) * 0.708), 1.3rem);\">Si voleu m\u00e9s informaci\u00f3 aqu\u00ed us deixo un link del Musical de Bellaterra:<\/p>\n\n\n\n<p class=\"has-text-align-center has-text-color has-link-color has-system-sans-serif-font-family wp-elements-eb0b9cbb48166d408105f422f9dd532e\" style=\"color:#46b2be;font-size:clamp(0.875rem, 0.875rem + ((1vw - 0.2rem) * 0.708), 1.3rem);\"><a href=\"https:\/\/secure.smore.com\/n\/krvy6-m-sica-per-cr-ixer\" target=\"_blank\" rel=\"noreferrer noopener\"><strong>M\u00fasica per Cr\u00e9ixer a Bellatera<\/strong><\/a><\/p>\n","protected":false},"excerpt":{"rendered":"<p>Jornades M\u00fasica i Inf\u00e0ncia (27\/09\/2025) Comencem el nou curs amb unes jornades creatives, engrescadores i de valors !! Aqu\u00ed us deixo unes fotos de la presentaci\u00f3 del 27 de Setembre. Gr\u00e0cies a Isabel Corbella per la seva col\u00b7laboraci\u00f3! I a tots els que heu participat a les jornades! Seminaris ONLINE 2025M\u00fasica per Cr\u00e9ixer 18 de [&hellip;]<\/p>\n","protected":false},"author":1,"featured_media":0,"parent":0,"menu_order":0,"comment_status":"closed","ping_status":"closed","template":"","meta":{"footnotes":""},"_links":{"self":[{"href":"https:\/\/eulabad.net\/wpaxc\/index.php\/wp-json\/wp\/v2\/pages\/250"}],"collection":[{"href":"https:\/\/eulabad.net\/wpaxc\/index.php\/wp-json\/wp\/v2\/pages"}],"about":[{"href":"https:\/\/eulabad.net\/wpaxc\/index.php\/wp-json\/wp\/v2\/types\/page"}],"author":[{"embeddable":true,"href":"https:\/\/eulabad.net\/wpaxc\/index.php\/wp-json\/wp\/v2\/users\/1"}],"replies":[{"embeddable":true,"href":"https:\/\/eulabad.net\/wpaxc\/index.php\/wp-json\/wp\/v2\/comments?post=250"}],"version-history":[{"count":6,"href":"https:\/\/eulabad.net\/wpaxc\/index.php\/wp-json\/wp\/v2\/pages\/250\/revisions"}],"predecessor-version":[{"id":275,"href":"https:\/\/eulabad.net\/wpaxc\/index.php\/wp-json\/wp\/v2\/pages\/250\/revisions\/275"}],"wp:attachment":[{"href":"https:\/\/eulabad.net\/wpaxc\/index.php\/wp-json\/wp\/v2\/media?parent=250"}],"curies":[{"name":"wp","href":"https:\/\/api.w.org\/{rel}","templated":true}]}}